  {"id":757,"date":"2019-01-07T12:09:34","date_gmt":"2019-01-07T12:09:34","guid":{"rendered":"http:\/\/schaubho.cyon.link\/?page_id=757"},"modified":"2025-02-19T09:46:13","modified_gmt":"2025-02-19T08:46:13","slug":"marianne-schaub-hristic","status":"publish","type":"page","link":"https:\/\/schaubhochl.ch\/fr\/avocates\/marianne-schaub-hristic\/","title":{"rendered":"Marianne Schaub-Hristi\u0107"},"content":{"rendered":"\t\t<div data-elementor-type=\"wp-post\" data-elementor-id=\"757\" class=\"elementor elementor-757 elementor-218\" data-elementor-post-type=\"page\">\n\t\t\t\t\t\t<section class=\"elementor-section elementor-top-section elementor-element elementor-element-35994c8 elementor-section-boxed elementor-section-height-default elementor-section-height-default\" data-id=\"35994c8\" data-element_type=\"section\">\n\t\t\t\t\t\t<div class=\"elementor-container elementor-column-gap-default\">\n\t\t\t\t\t<div class=\"elementor-column elementor-col-100 elementor-top-column elementor-element elementor-element-c264ca5\" data-id=\"c264ca5\" data-element_type=\"column\">\n\t\t\t<div class=\"elementor-widget-wrap elementor-element-populated\">\n\t\t\t\t\t\t<div class=\"elementor-element elementor-element-cb783ea elementor-widget elementor-widget-text-editor\" data-id=\"cb783ea\" data-element_type=\"widget\" data-widget_type=\"text-editor.default\">\n\t\t\t\t<div class=\"elementor-widget-container\">\n\t\t\t\t\t\t\t\t\t<h4 class=\"job-title\">Avocate, Dr. iur.<\/h4>\t\t\t\t\t\t\t\t<\/div>\n\t\t\t\t<\/div>\n\t\t\t\t\t<\/div>\n\t\t<\/div>\n\t\t\t\t\t<\/div>\n\t\t<\/section>\n\t\t\t\t<section class=\"elementor-section elementor-top-section elementor-element elementor-element-e00b4fd elementor-section-boxed elementor-section-height-default elementor-section-height-default\" data-id=\"e00b4fd\" data-element_type=\"section\">\n\t\t\t\t\t\t<div class=\"elementor-container elementor-column-gap-default\">\n\t\t\t\t\t<div class=\"elementor-column elementor-col-100 elementor-top-column elementor-element elementor-element-be0537a\" data-id=\"be0537a\" data-element_type=\"column\">\n\t\t\t<div class=\"elementor-widget-wrap elementor-element-populated\">\n\t\t\t\t\t\t<div class=\"elementor-element elementor-element-4888622 elementor-widget elementor-widget-text-editor\" data-id=\"4888622\" data-element_type=\"widget\" data-widget_type=\"text-editor.default\">\n\t\t\t\t<div class=\"elementor-widget-container\">\n\t\t\t\t\t\t\t\t\t<p class=\"job-title\">L&rsquo;un de mes domaines de travail pr\u00e9f\u00e9r\u00e9s est le conseil et l&rsquo;accompagnement des clients pour toutes les questions de droit immobilier. Je vous soutiens principalement en votre qualit\u00e9 de propri\u00e9taire, de gestionnaire immobilier, de propri\u00e9taire foncier, d&rsquo;acheteur ou de vendeur et de constructeur ou d&rsquo;entrepreneur. Pour les entreprises, je propose des solutions sur mesure en tant que service juridique externe.<\/p>\t\t\t\t\t\t\t\t<\/div>\n\t\t\t\t<\/div>\n\t\t\t\t\t<\/div>\n\t\t<\/div>\n\t\t\t\t\t<\/div>\n\t\t<\/section>\n\t\t\t\t<section class=\"elementor-section elementor-top-section elementor-element elementor-element-b3dfbf5 elementor-section-boxed elementor-section-height-default elementor-section-height-default\" data-id=\"b3dfbf5\" data-element_type=\"section\">\n\t\t\t\t\t\t<div class=\"elementor-container elementor-column-gap-default\">\n\t\t\t\t\t<div class=\"elementor-column elementor-col-100 elementor-top-column elementor-element elementor-element-c0a789d\" data-id=\"c0a789d\" data-element_type=\"column\">\n\t\t\t<div class=\"elementor-widget-wrap elementor-element-populated\">\n\t\t\t\t\t\t<div class=\"elementor-element elementor-element-df87402 elementor-tabs-view-horizontal elementor-widget elementor-widget-tabs\" data-id=\"df87402\" data-element_type=\"widget\" data-widget_type=\"tabs.default\">\n\t\t\t\t<div class=\"elementor-widget-container\">\n\t\t\t\t\t\t\t<div class=\"elementor-tabs\">\n\t\t\t<div class=\"elementor-tabs-wrapper\" role=\"tablist\" >\n\t\t\t\t\t\t\t\t\t<div id=\"elementor-tab-title-2341\" class=\"elementor-tab-title elementor-tab-desktop-title\" aria-selected=\"true\" data-tab=\"1\" role=\"tab\" tabindex=\"0\" aria-controls=\"elementor-tab-content-2341\" aria-expanded=\"false\">Services<\/div>\n\t\t\t\t\t\t\t\t\t<div id=\"elementor-tab-title-2342\" class=\"elementor-tab-title elementor-tab-desktop-title\" aria-selected=\"false\" data-tab=\"2\" role=\"tab\" tabindex=\"-1\" aria-controls=\"elementor-tab-content-2342\" aria-expanded=\"false\">Portrait<\/div>\n\t\t\t\t\t\t\t\t\t<div id=\"elementor-tab-title-2343\" class=\"elementor-tab-title elementor-tab-desktop-title\" aria-selected=\"false\" data-tab=\"3\" role=\"tab\" tabindex=\"-1\" aria-controls=\"elementor-tab-content-2343\" aria-expanded=\"false\">    Publications<\/div>\n\t\t\t\t\t\t\t<\/div>\n\t\t\t<div class=\"elementor-tabs-content-wrapper\" role=\"tablist\" aria-orientation=\"vertical\">\n\t\t\t\t\t\t\t\t\t<div class=\"elementor-tab-title elementor-tab-mobile-title\" aria-selected=\"true\" data-tab=\"1\" role=\"tab\" tabindex=\"0\" aria-controls=\"elementor-tab-content-2341\" aria-expanded=\"false\">Services<\/div>\n\t\t\t\t\t<div id=\"elementor-tab-content-2341\" class=\"elementor-tab-content elementor-clearfix\" data-tab=\"1\" role=\"tabpanel\" aria-labelledby=\"elementor-tab-title-2341\" tabindex=\"0\" hidden=\"false\"><div class=\"resp-tab-content resp-tab-content-active\" aria-labelledby=\"tab_item-0\"><h3>Droit commun des contrats<\/h3><ul><li>Avant-projet, v\u00e9rification et n\u00e9gociation des contrats<\/li><li>Conseils lors de l\u2019ex\u00e9cution, l\u2019interpr\u00e9tation et l\u2019analyse de contrats<\/li><li>R\u00e9daction et actualisation des mod\u00e8les de contrats en fonction des besoins<\/li><li>Contrats-types et Conditions g\u00e9n\u00e9rales de vente (CGV)<\/li><li>Faire valoir les droits et pr\u00e9tentions d\u00e9coulant des contrats<\/li><\/ul><h3>Droit du travail<\/h3><ul><li>Contrats de travail<\/li><li>R\u00e9siliations, mises \u00e0 pied<\/li><li>Cr\u00e9ances de salaire<\/li><\/ul><h3>Recouvrement et mainlev\u00e9e<\/h3><ul><li>Recouvrement de cr\u00e9ances par la voie de la poursuite pour dettes et de la faillite<\/li><li>Proc\u00e9dure de mainlev\u00e9e<\/li><li>Garantir les actifs au moyen de la saisie<\/li><li>Ex\u00e9cution de jugements rendus \u00e0 l\u2019\u00e9tranger et autres titres de cr\u00e9ances<\/li><\/ul><h3>Droit immobilier<\/h3><ul><li>Biens fonciers et leur usage<\/li><li>R\u00e9daction de contrats de vente<\/li><li>Gr\u00e8vement et inscription de servitudes<\/li><li>Jouissance et droit d\u2019occupation<\/li><li>Conventions relatives au droit d\u2019occupation<\/li><li>Imp\u00f4t sur les gains immobiliers<\/li><li>Vente de biens fonciers<\/li><\/ul><h3>Droit du bail<\/h3><ul><li>Conseils aux bailleurs et syndics<\/li><li>R\u00e9daction et conclusion de contrats de location<\/li><li>Hausses de loyer apr\u00e8s r\u00e9novations (compl\u00e8tes)<\/li><li>Veiller \u00e0 l\u2019application des droits et des obligations d\u00e9coulant du contrat de location<\/li><li>Proc\u00e9dure en cas de d\u00e9fauts de la chose lou\u00e9e<\/li><li>Proc\u00e9dure en cas de retard de paiement du locataire<\/li><li>R\u00e9siliation de contrats de location<\/li><li>Recouvrement de loyers<\/li><li>Repr\u00e9sentation devant les autorit\u00e9s de conciliation et les tribunaux<\/li><li>Proc\u00e9dures d\u2019expulsion<\/li><\/ul><h3>Copropri\u00e9t\u00e9 et droit de voisinage<\/h3><ul><li>Droits et obligations en mati\u00e8re de voisinage<\/li><li>Nuisances (sonores) excessives<\/li><li>Arbres et arbustes dans le droit de voisinage<\/li><li>Droits et obligations d\u00e9coulant de la copropri\u00e9t\u00e9<\/li><li>Contestation de d\u00e9cisions des copropri\u00e9taires<\/li><\/ul><h3>Contrat d\u2019entreprise et droit priv\u00e9 de construction<\/h3><ul><li>R\u00e9daction et conclusion de contrats d\u2019entreprise et d\u2018architecte<\/li><li>Inscription, radiation des hypoth\u00e8ques l\u00e9gales des artisans et entrepreneurs<\/li><li>Faire valoir les cr\u00e9ances d\u00e9coulant du contrat d\u2019entreprise<\/li><li>D\u00e9fauts de l\u2019ouvrage \/ R\u00e9clamations<\/li><li>R\u00e9paration<\/li><li>Nuisances (sonores) excessives<\/li><\/ul><h3>Le cheval dans le droit<\/h3><ul><li>Conseil pour l\u2019achat de chevaux et pr\u00e9paration de contrats d\u2019achat<\/li><li>Proc\u00e9dure en cas de \u00ab\u00a0d\u00e9fauts\u00a0\u00bb du cheval achet\u00e9<\/li><li>R\u00e9daction et conclusion de contrats de pension pour chevaux<\/li><li>Mise en \u0153uvre des droits en tant que fournisseur de pensions pour chevaux<\/li><\/ul><h3>Service juridique pour les entreprises<\/h3><ul><li>Service juridique externe au lieu d\u2019un service juridique distinct<\/li><li>Examen simple et r\u00e9ponses individuelles aux questions juridiques pour les entreprises (par exemple, la gestion des biens immobiliers)<\/li><\/ul><\/div><\/div>\n\t\t\t\t\t\t\t\t\t<div class=\"elementor-tab-title elementor-tab-mobile-title\" aria-selected=\"false\" data-tab=\"2\" role=\"tab\" tabindex=\"-1\" aria-controls=\"elementor-tab-content-2342\" aria-expanded=\"false\">Portrait<\/div>\n\t\t\t\t\t<div id=\"elementor-tab-content-2342\" class=\"elementor-tab-content elementor-clearfix\" data-tab=\"2\" role=\"tabpanel\" aria-labelledby=\"elementor-tab-title-2342\" tabindex=\"0\" hidden=\"hidden\"><h3>Langues<\/h3>\nAllemand, serbe\/croate, italien, fran\u00e7ais, anglais\n<h3>Formation<\/h3>\n<dl>\n \t<dt>2004<\/dt>\n \t<dd>Brevet d\u2019avocat du canton de Zurich<\/dd>\n \t<dt>2002<\/dt>\n \t<dd>Doctorat \u00e0 l\u2019universit\u00e9 de Zurich<\/dd>\n \t<dt>2000<\/dt>\n \t<dd>Licence<\/dd>\n<\/dl>\n<h3>Formations continues<\/h3>\n<dl>\n \t<dt>Sept. 2013<\/dt>\n \t<dd>Journ\u00e9e lucernoise pour la copropri\u00e9t\u00e9 2013<\/dd>\n \t<dt>Sept. 2013<\/dt>\n \t<dd>Cession de droits et obligations \u00e0 un tiers conform\u00e9ment \u00e0 l\u2019art. 263 CO (groupe sp\u00e9cialis\u00e9 Droit des baux d\u2019habitation et commerciaux)<\/dd>\n \t<dt>Oct. 2012<\/dt>\n \t<dd>Droit des baux d\u2019habitation et commerciaux et droit immobilier \u2013 Aspects proc\u00e9duraux (colloque \u00e0 l\u2019Universit\u00e9 de Saint-Gall)<\/dd>\n \t<dt>F\u00e9v. 2012<\/dt>\n \t<dd>L\u2019expulsion du locataire conform\u00e9ment \u00e0 l\u2019art. 257 CPC (groupe sp\u00e9cialis\u00e9 Droit des baux d\u2019habitation et commerciaux)<\/dd>\n \t<dt>Jan. 2012<\/dt>\n \t<dd>Nouveaut\u00e9s en droit r\u00e9el immobilier (Colloque Fondation pour la formation continue Zurich)<\/dd>\n \t<dt>Juni 2010<\/dt>\n \t<dd>Colloque de la Fondation pour la formation continue Zurich sur le code de proc\u00e9dure civile<\/dd>\n \t<dt>Nov. 2009<\/dt>\n \t<dd>Le bail commercial<\/dd>\n \t<dt>Mai 2008<\/dt>\n \t<dd>Journ\u00e9e de stage en droit de la construction<\/dd>\n<\/dl>\n<h3>Acvit\u00e9 annexes<\/h3>\n<dl>\n \t<dt>depuis 2025<\/dt>\n \t<dd>Conseill\u00e8re municipale \u00e0 Andelfingen\n<dt>depuis 2025<\/dt>\n \t<dd>Vice-pr\u00e9sidente de la Commission pour l&rsquo;expropriation, l&rsquo;assurance des b\u00e2timents et la protection contre l&rsquo;incendie du canton de Schaffhouse<\/dd>\n \t<dt>depuis 2018<\/dt>\n \t<dd>Membre de la Commission pour l&rsquo;expropriation, l&rsquo;assurance des b\u00e2timents et la protection contre l&rsquo;incendie du canton de Schaffhouse<\/dd>\n \t<dt>depuis 2008<\/dt>\n \t<dd>Commentatrice chez push-service de weblaw.ch dans le domaine du droit des baux d\u2019habitation et commerciaux \u2013 www.push-service.ch<\/dd>\n \t<dt>depuis 2008<\/dt>\n \t<dd>M\u00e9diatrice (repr\u00e9sentante des bailleurs) aupr\u00e8s de l\u2019autorit\u00e9 de conciliation pour les affaires en mati\u00e8re de location et de bail dans le district d\u2019Andelfingen<\/dd>\n \t<dt>2006 &#8211; 2018<\/dt>\n \t<dd>Membre du comit\u00e9 d\u2019audit de la commune d\u2019Andelfingen<\/dd>\n<\/dl>\n<h3>Activit\u00e9s professionnelles<\/h3>\n<dl>\n \t<dt>depuis 2006<\/dt>\n \t<dd>Partenaire Cabinet d\u2019avocats Schaub Hochl<\/dd>\n \t<dt>2005 &#8211; 2007<\/dt>\n \t<dd>Responsable du service juridique dans une soci\u00e9t\u00e9 de gestion immobili\u00e8re \u00e0 Winterthur, pr\u00e9sente dans toute la Suisse<\/dd>\n \t<dt>2004 &#8211; 2005<\/dt>\n \t<dd>Avocate dans un cabinet d\u2019avocats \u00e0 Winterthur<\/dd>\n \t<dt>2004<\/dt>\n \t<dd>Collaboratrice juridique dans le service du personnel d\u2019une soci\u00e9t\u00e9 de gestion immobili\u00e8re \u00e0 Winterthur, pr\u00e9sente dans toute la Suisse<\/dd>\n \t<dt>2001 &#8211; 2003<\/dt>\n \t<dd>Secr\u00e9taire juridique dans un tribunal de district dans le canton de Zurich ; pr\u00e9sidente de l\u2019autorit\u00e9 de conciliation en mati\u00e8re de location et de bail<\/dd>\n \t<dt>2001<\/dt>\n \t<dd>Responsable des affaires juridiques dans le service Sinistres d\u2019une assurance Protection juridique, Zurich<\/dd>\n<\/dl>\n<h3>Membres<\/h3>\n<ul>\n \t<li>F\u00e9d\u00e9ration zurichoise des avocats, F\u00e9d\u00e9ration suisse des avocats<\/li>\n \t<li>Association \u00abPermanence D\u00e9fense p\u00e9nale\u00bb<\/li>\n \t<li>Groupe sp\u00e9cialis\u00e9 Droit des baux d\u2019habitation et commerciaux de la F\u00e9d\u00e9ration zurichoise des avocats<\/li>\n \t<li>Groupe sp\u00e9cialis\u00e9 Droit des baux d\u2019habitation et commerciaux de la F\u00e9d\u00e9ration zurichoise des avocats<\/li>\n \t<li>Association des propri\u00e9taires fonciers Winterthuur et environs<\/li>\n \t<li>Service juridique Pro Juventute, domaine droit des contrats<\/li>\n \t<li>F\u00e9d\u00e9ration des acteurs \u00e9conomiques de la r\u00e9gion d\u2019Andelfingen<\/li>\n<\/ul><\/div>\n\t\t\t\t\t\t\t\t\t<div class=\"elementor-tab-title elementor-tab-mobile-title\" aria-selected=\"false\" data-tab=\"3\" role=\"tab\" tabindex=\"-1\" aria-controls=\"elementor-tab-content-2343\" aria-expanded=\"false\">    Publications<\/div>\n\t\t\t\t\t<div id=\"elementor-tab-content-2343\" class=\"elementor-tab-content elementor-clearfix\" data-tab=\"3\" role=\"tabpanel\" aria-labelledby=\"elementor-tab-title-2343\" tabindex=\"0\" hidden=\"hidden\"><h2>Sujets<\/h2><p><div class=\"publications-person\"><h3 class=\"publications-category\">Arbeitsrecht<\/h3><div class=\"grid-element publication post-2636 publications type-publications status-publish hentry publications_category-arbeitsrecht-fr p179\" id=\"post-2636\"><a href=\"https:\/\/schaubhochl.ch\/fr\/publications\/neues-gesetz-zur-verbesserung-der-situation-von-betreuenden-angehoerigen\/\">Neues Gesetz zur Verbesserung der Situation von betreuenden Angeh\u00f6rigen<\/a><\/div>\n<div class=\"grid-element publication post-2271 publications type-publications status-publish hentry publications_category-arbeitsrecht-fr p179\" id=\"post-2271\"><a href=\"https:\/\/schaubhochl.ch\/fr\/publications\/konkurrenzverbot-im-arbeitsrecht\/\">Konkurrenzverbot im Arbeitsrecht<\/a><\/div>\n<div class=\"grid-element publication post-1881 publications type-publications status-publish hentry publications_category-arbeitsrecht-fr publications_category-covid-19-corona-fr p179\" id=\"post-1881\"><a href=\"https:\/\/schaubhochl.ch\/fr\/publications\/kann-der-bezug-von-ferien-und-der-abbau-von-ueberstunden-des-gleitzeitsaldos-vom-arbeitgeber-angeordnet-werden\/\">Kann der Bezug von Ferien und der Abbau von \u00dcberstunden\/des Gleitzeitsaldos vom Arbeitgeber angeordnet werden?<\/a><\/div>\n<h3 class=\"publications-category\">COVID-19 \/ Corona<\/h3><div class=\"grid-element publication post-1895 publications type-publications status-publish hentry publications_category-covid-19-corona-fr publications_category-droit-des-baux-dhabitation-et-commerciaux p179\" id=\"post-1895\"><a href=\"https:\/\/schaubhochl.ch\/fr\/publications\/frist-bei-zahlungsverzug-durch-corona-verordnung-verlaengert\/\">Frist bei Zahlungsverzug durch Corona-Verordnung verl\u00e4ngert<\/a><\/div>\n<div class=\"grid-element publication post-1881 publications type-publications status-publish hentry publications_category-arbeitsrecht-fr publications_category-covid-19-corona-fr p179\" id=\"post-1881\"><a href=\"https:\/\/schaubhochl.ch\/fr\/publications\/kann-der-bezug-von-ferien-und-der-abbau-von-ueberstunden-des-gleitzeitsaldos-vom-arbeitgeber-angeordnet-werden\/\">Kann der Bezug von Ferien und der Abbau von \u00dcberstunden\/des Gleitzeitsaldos vom Arbeitgeber angeordnet werden?<\/a><\/div>\n<div class=\"grid-element publication post-1870 publications type-publications status-publish hentry publications_category-covid-19-corona-fr publications_category-droit-des-baux-dhabitation-et-commerciaux p179\" id=\"post-1870\"><a href=\"https:\/\/schaubhochl.ch\/fr\/publications\/kann-der-mietzins-aufgrund-einer-behoerdlich-angeordneten-schliessung-des-mietobjekts-reduziert-werden\/\">Kann der Mietzins aufgrund einer beh\u00f6rdlich angeordneten Schliessung des Mietobjekts herabgesetzt werden?<\/a><\/div>\n<h3 class=\"publications-category\">Droit des baux d\u2019habitation et commerciaux<\/h3><div class=\"grid-element publication post-3168 publications type-publications status-publish hentry publications_category-droit-des-baux-dhabitation-et-commerciaux p179\" id=\"post-3168\"><a href=\"https:\/\/schaubhochl.ch\/fr\/publications\/wie-berechne-ich-eine-mietzinserhoehung-infolge-veraenderung-des-referenzzinssatzes\/\">Wie berechne ich eine Mietzinserh\u00f6hung infolge Ver\u00e4nderung des Referenzzinssatzes?<\/a><\/div>\n<div class=\"grid-element publication post-2992 publications type-publications status-publish hentry publications_category-droit-des-baux-dhabitation-et-commerciaux p179\" id=\"post-2992\"><a href=\"https:\/\/schaubhochl.ch\/fr\/publications\/die-mietrechtliche-ausweisung\/\">Die mietrechtliche Ausweisung<\/a><\/div>\n<div class=\"grid-element publication post-2393 publications type-publications status-publish hentry publications_category-droit-des-baux-dhabitation-et-commerciaux p179\" id=\"post-2393\"><a href=\"https:\/\/schaubhochl.ch\/fr\/publications\/berechnung-der-nettorendite-praxisaenderung-des-bundesgerichts\/\">Berechnung der Nettorendite: Praxis\u00e4nderung des Bundesgerichts<\/a><\/div>\n<div class=\"grid-element publication post-1895 publications type-publications status-publish hentry publications_category-covid-19-corona-fr publications_category-droit-des-baux-dhabitation-et-commerciaux p179\" id=\"post-1895\"><a href=\"https:\/\/schaubhochl.ch\/fr\/publications\/frist-bei-zahlungsverzug-durch-corona-verordnung-verlaengert\/\">Frist bei Zahlungsverzug durch Corona-Verordnung verl\u00e4ngert<\/a><\/div>\n<div class=\"grid-element publication post-1870 publications type-publications status-publish hentry publications_category-covid-19-corona-fr publications_category-droit-des-baux-dhabitation-et-commerciaux p179\" id=\"post-1870\"><a href=\"https:\/\/schaubhochl.ch\/fr\/publications\/kann-der-mietzins-aufgrund-einer-behoerdlich-angeordneten-schliessung-des-mietobjekts-reduziert-werden\/\">Kann der Mietzins aufgrund einer beh\u00f6rdlich angeordneten Schliessung des Mietobjekts herabgesetzt werden?<\/a><\/div>\n<div class=\"grid-element publication post-1590 publications type-publications status-publish hentry publications_category-droit-des-baux-dhabitation-et-commerciaux p179\" id=\"post-1590\"><a href=\"https:\/\/schaubhochl.ch\/fr\/publications\/vermietung-von-lokalitaeten\/\">Vermietung von \u00f6ffentlichen R\u00e4umen an Privatpersonen<\/a><\/div>\n<div class=\"grid-element publication post-1332 publications type-publications status-publish hentry publications_category-droit-des-baux-dhabitation-et-commerciaux p179\" id=\"post-1332\"><a href=\"https:\/\/schaubhochl.ch\/fr\/publications\/empfehlungen-zur-untermiete\/\">Empfehlungen zur Untermiete<\/a><\/div>\n<div class=\"grid-element publication post-1326 publications type-publications status-publish hentry publications_category-droit-des-baux-dhabitation-et-commerciaux p179\" id=\"post-1326\"><a href=\"https:\/\/schaubhochl.ch\/fr\/publications\/anfangsmietzins-bei-altliegenschaften\/\">Anfangsmietzins bei Altliegenschaften<\/a><\/div>\n<div class=\"grid-element publication post-1319 publications type-publications status-publish hentry publications_category-droit-des-baux-dhabitation-et-commerciaux p179\" id=\"post-1319\"><a href=\"https:\/\/schaubhochl.ch\/fr\/publications\/keine-nachtraegliche-heilung-einer-unwirksamen-kuendigung-nach-art-257d-or\/\">Keine nachtr\u00e4gliche Heilung einer unwirksamen K\u00fcndigung nach Art. 257d OR<\/a><\/div>\n<div class=\"grid-element publication post-314 publications type-publications status-publish hentry publications_category-droit-des-baux-dhabitation-et-commerciaux p179\" id=\"post-314\"><a href=\"https:\/\/schaubhochl.ch\/fr\/publications\/eine-erstreckung-auf-unbestimmte-zeit-ist-unzulaessig\/\">Eine Erstreckung auf unbestimmte Zeit ist unzul\u00e4ssig<\/a><\/div>\n<div class=\"grid-element publication post-310 publications type-publications status-publish hentry publications_category-droit-des-baux-dhabitation-et-commerciaux p179\" id=\"post-310\"><a href=\"https:\/\/schaubhochl.ch\/fr\/publications\/keine-umwandlung-von-ungueltigen-vorzeitigen-kuendigungen-in-gueltige-ordentliche-kuendigungen\/\">Keine Umwandlung von ung\u00fcltigen vorzeitigen K\u00fcndigungen in g\u00fcltige ordentliche K\u00fcndigungen<\/a><\/div>\n<div class=\"grid-element publication post-308 publications type-publications status-publish hentry publications_category-droit-des-baux-dhabitation-et-commerciaux p179\" id=\"post-308\"><a href=\"https:\/\/schaubhochl.ch\/fr\/publications\/gueltige-nebenkostenabrede-konkretisierung-der-rechtsprechung\/\">G\u00fcltige Nebenkostenabrede &#8211; Konkretisierung der Rechtsprechung<\/a><\/div>\n<div class=\"grid-element publication post-304 publications type-publications status-publish hentry publications_category-droit-des-baux-dhabitation-et-commerciaux p179\" id=\"post-304\"><a href=\"https:\/\/schaubhochl.ch\/fr\/publications\/optierung-bei-geschaeftsmietvertraegen\/\">Optierung bei Gesch\u00e4ftsmietvertr\u00e4gen<\/a><\/div>\n<div class=\"grid-element publication post-298 publications type-publications status-publish hentry publications_category-droit-des-baux-dhabitation-et-commerciaux p179\" id=\"post-298\"><a href=\"https:\/\/schaubhochl.ch\/fr\/publications\/einfluss-von-familienrechtlichen-bestimmungen-im-mietrecht\/\">Einfluss von familienrechtlichen Bestimmungen im Mietrecht<\/a><\/div>\n<div class=\"grid-element publication post-292 publications type-publications status-publish hentry publications_category-droit-des-baux-dhabitation-et-commerciaux p179\" id=\"post-292\"><a href=\"https:\/\/schaubhochl.ch\/fr\/publications\/haelftige-mieterstreckungsdauer-bei-gleichwertiger-interessenlage-von-mieter-und-vermieter\/\">H\u00e4lftige Mieterstreckungsdauer bei gleichwertiger Interessenlage von Mieter und Vermieter<\/a><\/div>\n<div class=\"grid-element publication post-290 publications type-publications status-publish hentry publications_category-droit-des-baux-dhabitation-et-commerciaux p179\" id=\"post-290\"><a href=\"https:\/\/schaubhochl.ch\/fr\/publications\/vermieter-erwirkt-gerichtliches-verbot-der-untermiete-ueber-buchungsplattformen\/\">Vermieter erwirkt gerichtliches Verbot der Untermiete \u00fcber Buchungsplattformen<\/a><\/div>\n<h3 class=\"publications-category\">Droit priv\u00e9 de la construction<\/h3><div class=\"grid-element publication post-2813 publications type-publications status-publish hentry publications_category-droit-prive-de-la-construction p179\" id=\"post-2813\"><a href=\"https:\/\/schaubhochl.ch\/fr\/publications\/altes-gebaeude-neues-recht-wann-sind-bauliche-anpassungen-notwendig\/\">Altes Geb\u00e4ude, Neues Recht: Wann sind bauliche Anpassungen notwendig?<\/a><\/div>\n<div class=\"grid-element publication post-316 publications type-publications status-publish hentry publications_category-droit-prive-de-la-construction p179\" id=\"post-316\"><a href=\"https:\/\/schaubhochl.ch\/fr\/publications\/die-verhaeltnismaessigkeit-der-nachbesserung-von-baumaengeln\/\">Die Verh\u00e4ltnism\u00e4ssigkeit der Nachbesserung von Baum\u00e4ngeln<\/a><\/div>\n<\/div><\/p><\/div>\n\t\t\t\t\t\t\t<\/div>\n\t\t<\/div>\n\t\t\t\t\t\t<\/div>\n\t\t\t\t<\/div>\n\t\t\t\t\t<\/div>\n\t\t<\/div>\n\t\t\t\t\t<\/div>\n\t\t<\/section>\n\t\t\t\t<\/div>\n\t\t","protected":false},"excerpt":{"rendered":"<p>Avocate, Dr. iur. L&rsquo;un de mes domaines de travail pr\u00e9f\u00e9r\u00e9s est le conseil et l&rsquo;accompagnement des clients pour toutes les questions de droit immobilier. Je vous soutiens principalement en votre qualit\u00e9 de propri\u00e9taire, de gestionnaire immobilier, de propri\u00e9taire foncier, d&rsquo;acheteur ou de vendeur et de constructeur ou d&rsquo;entrepreneur. Pour les entreprises, je propose des solutions &#8230; <a title=\"Marianne Schaub-Hristi\u0107\" class=\"read-more\" href=\"https:\/\/schaubhochl.ch\/fr\/avocates\/marianne-schaub-hristic\/\" aria-label=\"En savoir plus sur Marianne Schaub-Hristi\u0107\">Lire plus<\/a><\/p>\n","protected":false},"author":1,"featured_media":119,"parent":719,"menu_order":0,"comment_status":"closed","ping_status":"closed","template":"","meta":{"generate_page_header":"","footnotes":""},"class_list":{"0":"post-757","1":"page","2":"type-page","3":"status-publish","4":"has-post-thumbnail","6":"p845"},"publishpress_future_action":{"enabled":false,"date":"2026-05-08 18:35:54","action":"change-status","newStatus":"draft","terms":[],"taxonomy":"translation_priority","extraData":[]},"publishpress_future_workflow_manual_trigger":{"enabledWorkflows":[]},"_links":{"self":[{"href":"https:\/\/schaubhochl.ch\/fr\/wp-json\/wp\/v2\/pages\/757","targetHints":{"allow":["GET"]}}],"collection":[{"href":"https:\/\/schaubhochl.ch\/fr\/wp-json\/wp\/v2\/pages"}],"about":[{"href":"https:\/\/schaubhochl.ch\/fr\/wp-json\/wp\/v2\/types\/page"}],"author":[{"embeddable":true,"href":"https:\/\/schaubhochl.ch\/fr\/wp-json\/wp\/v2\/users\/1"}],"replies":[{"embeddable":true,"href":"https:\/\/schaubhochl.ch\/fr\/wp-json\/wp\/v2\/comments?post=757"}],"version-history":[{"count":23,"href":"https:\/\/schaubhochl.ch\/fr\/wp-json\/wp\/v2\/pages\/757\/revisions"}],"predecessor-version":[{"id":3387,"href":"https:\/\/schaubhochl.ch\/fr\/wp-json\/wp\/v2\/pages\/757\/revisions\/3387"}],"up":[{"embeddable":true,"href":"https:\/\/schaubhochl.ch\/fr\/wp-json\/wp\/v2\/pages\/719"}],"wp:featuredmedia":[{"embeddable":true,"href":"https:\/\/schaubhochl.ch\/fr\/wp-json\/wp\/v2\/media\/119"}],"wp:attachment":[{"href":"https:\/\/schaubhochl.ch\/fr\/wp-json\/wp\/v2\/media?parent=757"}],"curies":[{"name":"wp","href":"https:\/\/api.w.org\/{rel}","templated":true}]}}