  {"id":719,"date":"2018-11-15T13:03:03","date_gmt":"2018-11-15T13:03:03","guid":{"rendered":"http:\/\/schaubho.cyon.link\/?page_id=719"},"modified":"2025-08-27T15:07:27","modified_gmt":"2025-08-27T13:07:27","slug":"avocates","status":"publish","type":"page","link":"https:\/\/schaubhochl.ch\/fr\/avocates\/","title":{"rendered":"Avocates"},"content":{"rendered":"\t\t<div data-elementor-type=\"wp-post\" data-elementor-id=\"719\" class=\"elementor elementor-719 elementor-59\" data-elementor-post-type=\"page\">\n\t\t\t\t\t\t<section class=\"elementor-section elementor-top-section elementor-element elementor-element-a512661 elementor-section-boxed elementor-section-height-default elementor-section-height-default\" data-id=\"a512661\" data-element_type=\"section\">\n\t\t\t\t\t\t<div class=\"elementor-container elementor-column-gap-default\">\n\t\t\t\t\t<div class=\"elementor-column elementor-col-100 elementor-top-column elementor-element elementor-element-ff191ff\" data-id=\"ff191ff\" data-element_type=\"column\">\n\t\t\t<div class=\"elementor-widget-wrap elementor-element-populated\">\n\t\t\t\t\t\t<div class=\"elementor-element elementor-element-6bc4bc6 elementor-widget elementor-widget-text-editor\" data-id=\"6bc4bc6\" data-element_type=\"widget\" data-widget_type=\"text-editor.default\">\n\t\t\t\t<div class=\"elementor-widget-container\">\n\t\t\t\t\t\t\t\t\t<p>Nous offrons des services qualifi\u00e9s dans nos domaines de sp\u00e9cialit\u00e9 avec un conseil personnalis\u00e9. Le contact direct cr\u00e9e une pr\u00e9cieuse base de confiance &#8211; c&rsquo;est la condition pr\u00e9alable \u00e0 une coop\u00e9ration fructueuse et durable avec nos clients.<\/p>\t\t\t\t\t\t\t\t<\/div>\n\t\t\t\t<\/div>\n\t\t\t\t<div class=\"elementor-element elementor-element-41c943a elementor-widget elementor-widget-spacer\" data-id=\"41c943a\" data-element_type=\"widget\" data-widget_type=\"spacer.default\">\n\t\t\t\t<div class=\"elementor-widget-container\">\n\t\t\t\t\t\t\t<div class=\"elementor-spacer\">\n\t\t\t<div class=\"elementor-spacer-inner\"><\/div>\n\t\t<\/div>\n\t\t\t\t\t\t<\/div>\n\t\t\t\t<\/div>\n\t\t\t\t\t<\/div>\n\t\t<\/div>\n\t\t\t\t\t<\/div>\n\t\t<\/section>\n\t\t\t\t<section class=\"elementor-section elementor-top-section elementor-element elementor-element-69d191f elementor-section-content-middle elementor-section-boxed elementor-section-height-default elementor-section-height-default\" data-id=\"69d191f\" data-element_type=\"section\">\n\t\t\t\t\t\t<div class=\"elementor-container elementor-column-gap-no\">\n\t\t\t\t\t<div class=\"elementor-column elementor-col-50 elementor-top-column elementor-element elementor-element-29dfdc95\" data-id=\"29dfdc95\" data-element_type=\"column\">\n\t\t\t<div class=\"elementor-widget-wrap elementor-element-populated\">\n\t\t\t\t\t\t<div class=\"elementor-element elementor-element-181aedd1 elementor-widget elementor-widget-image\" data-id=\"181aedd1\" data-element_type=\"widget\" data-widget_type=\"image.default\">\n\t\t\t\t<div class=\"elementor-widget-container\">\n\t\t\t\t\t\t\t\t\t\t\t\t\t\t\t\t<a href=\"http:\/\/schaubhochl.ch\/fr\/avocates\/marianne-schaub-hristic\/\">\n\t\t\t\t\t\t\t<img fetchpriority=\"high\" decoding=\"async\" width=\"1024\" height=\"845\" src=\"https:\/\/schaubhochl.ch\/wp-content\/uploads\/2019\/05\/Marianne-Schaub-Hristic\u0301-quer.jpg\" class=\"attachment-full size-full wp-image-1254\" alt=\"\" srcset=\"https:\/\/schaubhochl.ch\/wp-content\/uploads\/2019\/05\/Marianne-Schaub-Hristic\u0301-quer.jpg 1024w, https:\/\/schaubhochl.ch\/wp-content\/uploads\/2019\/05\/Marianne-Schaub-Hristic\u0301-quer-300x248.jpg 300w, https:\/\/schaubhochl.ch\/wp-content\/uploads\/2019\/05\/Marianne-Schaub-Hristic\u0301-quer-768x634.jpg 768w\" sizes=\"(max-width: 1024px) 100vw, 1024px\" \/>\t\t\t\t\t\t\t\t<\/a>\n\t\t\t\t\t\t\t\t\t\t\t\t\t\t\t<\/div>\n\t\t\t\t<\/div>\n\t\t\t\t\t<\/div>\n\t\t<\/div>\n\t\t\t\t<div class=\"elementor-column elementor-col-50 elementor-top-column elementor-element elementor-element-1706636f\" data-id=\"1706636f\" data-element_type=\"column\">\n\t\t\t<div class=\"elementor-widget-wrap elementor-element-populated\">\n\t\t\t\t\t\t<div class=\"elementor-element elementor-element-be75849 elementor-view-default elementor-widget elementor-widget-icon\" data-id=\"be75849\" data-element_type=\"widget\" data-widget_type=\"icon.default\">\n\t\t\t\t<div class=\"elementor-widget-container\">\n\t\t\t\t\t\t\t<div class=\"elementor-icon-wrapper\">\n\t\t\t<div class=\"elementor-icon\">\n\t\t\t\t\t\t\t<i class=\"fa fa-quote-left\" aria-hidden=\"true\"><\/i>\n\t\t\t\t\t\t<\/div>\n\t\t<\/div>\n\t\t\t\t\t\t<\/div>\n\t\t\t\t<\/div>\n\t\t\t\t<div class=\"elementor-element elementor-element-3964b35 elementor-widget elementor-widget-text-editor\" data-id=\"3964b35\" data-element_type=\"widget\" data-widget_type=\"text-editor.default\">\n\t\t\t\t<div class=\"elementor-widget-container\">\n\t\t\t\t\t\t\t\t\t<p>Je vous conseille et vous aide volontiers en tant que propri\u00e9taire, administration, propri\u00e9taire foncier, acheteur ou vendeur, constructeur ou entrepreneur, avec comp\u00e9tence et engagement dans toutes les questions de droit des contrats.<\/p>\t\t\t\t\t\t\t\t<\/div>\n\t\t\t\t<\/div>\n\t\t\t\t<div class=\"elementor-element elementor-element-7f11a81e elementor-widget elementor-widget-heading\" data-id=\"7f11a81e\" data-element_type=\"widget\" data-widget_type=\"heading.default\">\n\t\t\t\t<div class=\"elementor-widget-container\">\n\t\t\t\t\t<h2 class=\"elementor-heading-title elementor-size-default\"><a href=\"http:\/\/schaubhochl.ch\/fr\/avocates\/marianne-schaub-hristic\/\">Marianne Schaub-Hristi\u0107<\/a><\/h2>\t\t\t\t<\/div>\n\t\t\t\t<\/div>\n\t\t\t\t<div class=\"elementor-element elementor-element-3f6d28b9 elementor-widget elementor-widget-heading\" data-id=\"3f6d28b9\" data-element_type=\"widget\" data-widget_type=\"heading.default\">\n\t\t\t\t<div class=\"elementor-widget-container\">\n\t\t\t\t\t<h2 class=\"elementor-heading-title elementor-size-default\">Avocate, Dr. iur.<\/h2>\t\t\t\t<\/div>\n\t\t\t\t<\/div>\n\t\t\t\t\t<\/div>\n\t\t<\/div>\n\t\t\t\t\t<\/div>\n\t\t<\/section>\n\t\t\t\t<section class=\"elementor-section elementor-top-section elementor-element elementor-element-a5c08fd elementor-section-content-middle elementor-section-boxed elementor-section-height-default elementor-section-height-default\" data-id=\"a5c08fd\" data-element_type=\"section\">\n\t\t\t\t\t\t<div class=\"elementor-container elementor-column-gap-no\">\n\t\t\t\t\t<div class=\"elementor-column elementor-col-50 elementor-top-column elementor-element elementor-element-6151473\" data-id=\"6151473\" data-element_type=\"column\">\n\t\t\t<div class=\"elementor-widget-wrap elementor-element-populated\">\n\t\t\t\t\t\t<div class=\"elementor-element elementor-element-8c9c89e elementor-widget elementor-widget-image\" data-id=\"8c9c89e\" data-element_type=\"widget\" data-widget_type=\"image.default\">\n\t\t\t\t<div class=\"elementor-widget-container\">\n\t\t\t\t\t\t\t\t\t\t\t\t\t\t\t\t<a href=\"http:\/\/schaubhochl.ch\/fr\/avocates\/karin-hochl\/\">\n\t\t\t\t\t\t\t<img decoding=\"async\" width=\"1024\" height=\"845\" src=\"https:\/\/schaubhochl.ch\/wp-content\/uploads\/2019\/05\/Karin-Hochl-quer.jpg\" class=\"attachment-full size-full wp-image-1250\" alt=\"\" srcset=\"https:\/\/schaubhochl.ch\/wp-content\/uploads\/2019\/05\/Karin-Hochl-quer.jpg 1024w, https:\/\/schaubhochl.ch\/wp-content\/uploads\/2019\/05\/Karin-Hochl-quer-300x248.jpg 300w, https:\/\/schaubhochl.ch\/wp-content\/uploads\/2019\/05\/Karin-Hochl-quer-768x634.jpg 768w\" sizes=\"(max-width: 1024px) 100vw, 1024px\" \/>\t\t\t\t\t\t\t\t<\/a>\n\t\t\t\t\t\t\t\t\t\t\t\t\t\t\t<\/div>\n\t\t\t\t<\/div>\n\t\t\t\t\t<\/div>\n\t\t<\/div>\n\t\t\t\t<div class=\"elementor-column elementor-col-50 elementor-top-column elementor-element elementor-element-851e965\" data-id=\"851e965\" data-element_type=\"column\">\n\t\t\t<div class=\"elementor-widget-wrap elementor-element-populated\">\n\t\t\t\t\t\t<div class=\"elementor-element elementor-element-017f19d elementor-view-default elementor-widget elementor-widget-icon\" data-id=\"017f19d\" data-element_type=\"widget\" data-widget_type=\"icon.default\">\n\t\t\t\t<div class=\"elementor-widget-container\">\n\t\t\t\t\t\t\t<div class=\"elementor-icon-wrapper\">\n\t\t\t<div class=\"elementor-icon\">\n\t\t\t\t\t\t\t<i class=\"fa fa-quote-left\" aria-hidden=\"true\"><\/i>\n\t\t\t\t\t\t<\/div>\n\t\t<\/div>\n\t\t\t\t\t\t<\/div>\n\t\t\t\t<\/div>\n\t\t\t\t<div class=\"elementor-element elementor-element-519a4d9 elementor-widget elementor-widget-text-editor\" data-id=\"519a4d9\" data-element_type=\"widget\" data-widget_type=\"text-editor.default\">\n\t\t\t\t<div class=\"elementor-widget-container\">\n\t\t\t\t\t\t\t\t\t<p>En tant que l&rsquo;un des principaux avocats de Suisse dans le domaine de la m\u00e9decine reproductive, de la maternit\u00e9 de substitution et des couples de m\u00eame sexe, je m&rsquo;engage en faveur d&rsquo;un droit de la famille moderne et lib\u00e9ral.<\/p>\t\t\t\t\t\t\t\t<\/div>\n\t\t\t\t<\/div>\n\t\t\t\t<div class=\"elementor-element elementor-element-c59e8e0 elementor-widget elementor-widget-heading\" data-id=\"c59e8e0\" data-element_type=\"widget\" data-widget_type=\"heading.default\">\n\t\t\t\t<div class=\"elementor-widget-container\">\n\t\t\t\t\t<h2 class=\"elementor-heading-title elementor-size-default\"><a href=\"http:\/\/schaubhochl.ch\/fr\/avocates\/karin-hochl\/\">Karin Hochl<\/a><\/h2>\t\t\t\t<\/div>\n\t\t\t\t<\/div>\n\t\t\t\t<div class=\"elementor-element elementor-element-208a1de elementor-widget elementor-widget-heading\" data-id=\"208a1de\" data-element_type=\"widget\" data-widget_type=\"heading.default\">\n\t\t\t\t<div class=\"elementor-widget-container\">\n\t\t\t\t\t<h2 class=\"elementor-heading-title elementor-size-default\">Avocate, lic. iur. HSG<\/h2>\t\t\t\t<\/div>\n\t\t\t\t<\/div>\n\t\t\t\t\t<\/div>\n\t\t<\/div>\n\t\t\t\t\t<\/div>\n\t\t<\/section>\n\t\t\t\t<section class=\"elementor-section elementor-top-section elementor-element elementor-element-6ba74ba elementor-section-content-middle elementor-section-boxed elementor-section-height-default elementor-section-height-default\" data-id=\"6ba74ba\" data-element_type=\"section\">\n\t\t\t\t\t\t<div class=\"elementor-container elementor-column-gap-no\">\n\t\t\t\t\t<div class=\"elementor-column elementor-col-50 elementor-top-column elementor-element elementor-element-63d6a79\" data-id=\"63d6a79\" data-element_type=\"column\">\n\t\t\t<div class=\"elementor-widget-wrap elementor-element-populated\">\n\t\t\t\t\t\t<div class=\"elementor-element elementor-element-1687b83 elementor-widget elementor-widget-image\" data-id=\"1687b83\" data-element_type=\"widget\" data-widget_type=\"image.default\">\n\t\t\t\t<div class=\"elementor-widget-container\">\n\t\t\t\t\t\t\t\t\t\t\t\t\t\t\t\t<a href=\"https:\/\/schaubhochl.ch\/fr\/avocates\/dinah-hetata\/\">\n\t\t\t\t\t\t\t<img decoding=\"async\" width=\"1024\" height=\"845\" src=\"https:\/\/schaubhochl.ch\/wp-content\/uploads\/2020\/04\/Dinah-Hetata-2020-quer.jpg\" class=\"attachment-full size-full wp-image-1913\" alt=\"\" srcset=\"https:\/\/schaubhochl.ch\/wp-content\/uploads\/2020\/04\/Dinah-Hetata-2020-quer.jpg 1024w, https:\/\/schaubhochl.ch\/wp-content\/uploads\/2020\/04\/Dinah-Hetata-2020-quer-300x248.jpg 300w, https:\/\/schaubhochl.ch\/wp-content\/uploads\/2020\/04\/Dinah-Hetata-2020-quer-768x634.jpg 768w\" sizes=\"(max-width: 1024px) 100vw, 1024px\" \/>\t\t\t\t\t\t\t\t<\/a>\n\t\t\t\t\t\t\t\t\t\t\t\t\t\t\t<\/div>\n\t\t\t\t<\/div>\n\t\t\t\t\t<\/div>\n\t\t<\/div>\n\t\t\t\t<div class=\"elementor-column elementor-col-50 elementor-top-column elementor-element elementor-element-2bf53eb\" data-id=\"2bf53eb\" data-element_type=\"column\">\n\t\t\t<div class=\"elementor-widget-wrap elementor-element-populated\">\n\t\t\t\t\t\t<div class=\"elementor-element elementor-element-643d78b elementor-view-default elementor-widget elementor-widget-icon\" data-id=\"643d78b\" data-element_type=\"widget\" data-widget_type=\"icon.default\">\n\t\t\t\t<div class=\"elementor-widget-container\">\n\t\t\t\t\t\t\t<div class=\"elementor-icon-wrapper\">\n\t\t\t<div class=\"elementor-icon\">\n\t\t\t\t\t\t\t<i class=\"fa fa-quote-left\" aria-hidden=\"true\"><\/i>\n\t\t\t\t\t\t<\/div>\n\t\t<\/div>\n\t\t\t\t\t\t<\/div>\n\t\t\t\t<\/div>\n\t\t\t\t<div class=\"elementor-element elementor-element-fa6c496 elementor-widget elementor-widget-text-editor\" data-id=\"fa6c496\" data-element_type=\"widget\" data-widget_type=\"text-editor.default\">\n\t\t\t\t<div class=\"elementor-widget-container\">\n\t\t\t\t\t\t\t\t\t<p>Avoir raison ne suffit pas en soi &#8211; obtenir ses droits, tel est l&rsquo;objectif. C&rsquo;est l\u00e0 que je peux vous aider. Je vous conseillerai sur toutes les questions concernant le divorce et la s\u00e9paration, les droits de l&rsquo;enfant, le droit des \u00e9trangers, ainsi que sur la victime dans le cadre d&rsquo;une proc\u00e9dure p\u00e9nale, et j&rsquo;\u00e9laborerai pour vous des solutions individuelles et durables.<\/p>\t\t\t\t\t\t\t\t<\/div>\n\t\t\t\t<\/div>\n\t\t\t\t<div class=\"elementor-element elementor-element-9d758c0 elementor-widget elementor-widget-heading\" data-id=\"9d758c0\" data-element_type=\"widget\" data-widget_type=\"heading.default\">\n\t\t\t\t<div class=\"elementor-widget-container\">\n\t\t\t\t\t<h2 class=\"elementor-heading-title elementor-size-default\"><a href=\"https:\/\/schaubhochl.ch\/fr\/avocates\/dinah-hetata\/\">Dinah Hetata<\/a><\/h2>\t\t\t\t<\/div>\n\t\t\t\t<\/div>\n\t\t\t\t<div class=\"elementor-element elementor-element-38d52cb elementor-widget elementor-widget-heading\" data-id=\"38d52cb\" data-element_type=\"widget\" data-widget_type=\"heading.default\">\n\t\t\t\t<div class=\"elementor-widget-container\">\n\t\t\t\t\t<h2 class=\"elementor-heading-title elementor-size-default\">Avocate, MLaw<\/h2>\t\t\t\t<\/div>\n\t\t\t\t<\/div>\n\t\t\t\t\t<\/div>\n\t\t<\/div>\n\t\t\t\t\t<\/div>\n\t\t<\/section>\n\t\t\t\t<section class=\"elementor-section elementor-top-section elementor-element elementor-element-1387767 elementor-section-content-middle elementor-section-boxed elementor-section-height-default elementor-section-height-default\" data-id=\"1387767\" data-element_type=\"section\">\n\t\t\t\t\t\t<div class=\"elementor-container elementor-column-gap-no\">\n\t\t\t\t\t<div class=\"elementor-column elementor-col-50 elementor-top-column elementor-element elementor-element-21861bc\" data-id=\"21861bc\" data-element_type=\"column\">\n\t\t\t<div class=\"elementor-widget-wrap elementor-element-populated\">\n\t\t\t\t\t\t<div class=\"elementor-element elementor-element-9c8c555 elementor-widget elementor-widget-image\" data-id=\"9c8c555\" data-element_type=\"widget\" data-widget_type=\"image.default\">\n\t\t\t\t<div class=\"elementor-widget-container\">\n\t\t\t\t\t\t\t\t\t\t\t\t\t\t\t\t<a href=\"https:\/\/schaubhochl.ch\/fr\/avocates\/mirjam-stanek-braendle\/\">\n\t\t\t\t\t\t\t<img loading=\"lazy\" decoding=\"async\" width=\"1024\" height=\"845\" src=\"https:\/\/schaubhochl.ch\/wp-content\/uploads\/2020\/12\/Stanek-2020-quer.jpg\" class=\"attachment-full size-full wp-image-2471\" alt=\"\" srcset=\"https:\/\/schaubhochl.ch\/wp-content\/uploads\/2020\/12\/Stanek-2020-quer.jpg 1024w, https:\/\/schaubhochl.ch\/wp-content\/uploads\/2020\/12\/Stanek-2020-quer-300x248.jpg 300w, https:\/\/schaubhochl.ch\/wp-content\/uploads\/2020\/12\/Stanek-2020-quer-768x634.jpg 768w\" sizes=\"(max-width: 1024px) 100vw, 1024px\" \/>\t\t\t\t\t\t\t\t<\/a>\n\t\t\t\t\t\t\t\t\t\t\t\t\t\t\t<\/div>\n\t\t\t\t<\/div>\n\t\t\t\t\t<\/div>\n\t\t<\/div>\n\t\t\t\t<div class=\"elementor-column elementor-col-50 elementor-top-column elementor-element elementor-element-44ebfff\" data-id=\"44ebfff\" data-element_type=\"column\">\n\t\t\t<div class=\"elementor-widget-wrap elementor-element-populated\">\n\t\t\t\t\t\t<div class=\"elementor-element elementor-element-f497945 elementor-view-default elementor-widget elementor-widget-icon\" data-id=\"f497945\" data-element_type=\"widget\" data-widget_type=\"icon.default\">\n\t\t\t\t<div class=\"elementor-widget-container\">\n\t\t\t\t\t\t\t<div class=\"elementor-icon-wrapper\">\n\t\t\t<div class=\"elementor-icon\">\n\t\t\t\t\t\t\t<i class=\"fa fa-quote-left\" aria-hidden=\"true\"><\/i>\n\t\t\t\t\t\t<\/div>\n\t\t<\/div>\n\t\t\t\t\t\t<\/div>\n\t\t\t\t<\/div>\n\t\t\t\t<div class=\"elementor-element elementor-element-8b33d67 elementor-widget elementor-widget-text-editor\" data-id=\"8b33d67\" data-element_type=\"widget\" data-widget_type=\"text-editor.default\">\n\t\t\t\t<div class=\"elementor-widget-container\">\n\t\t\t\t\t\t\t\t\t<p>Je vous assisterai de mani\u00e8re fiable, comp\u00e9tente et engag\u00e9e pour les questions relatives au droit de la s\u00e9curit\u00e9 sociale, en particulier pour les probl\u00e8mes avec l&rsquo;office IV, les compagnies d&rsquo;assurance en g\u00e9n\u00e9ral ou l&rsquo;office de compensation. Je vous soutiendrai \u00e9galement en mati\u00e8re de droit de la location et du travail, de divorce et de droit de la famille, de droit des successions ou de droit p\u00e9nal, je vous conseillerai de mani\u00e8re exhaustive et contribuerai ainsi \u00e0 trouver une solution individuelle et fructueuse.<\/p>\t\t\t\t\t\t\t\t<\/div>\n\t\t\t\t<\/div>\n\t\t\t\t<div class=\"elementor-element elementor-element-839587f elementor-widget elementor-widget-heading\" data-id=\"839587f\" data-element_type=\"widget\" data-widget_type=\"heading.default\">\n\t\t\t\t<div class=\"elementor-widget-container\">\n\t\t\t\t\t<h2 class=\"elementor-heading-title elementor-size-default\"><a href=\"https:\/\/schaubhochl.ch\/fr\/avocates\/mirjam-stanek-braendle\/\">Mirjam Stanek Br\u00e4ndle<\/a><\/h2>\t\t\t\t<\/div>\n\t\t\t\t<\/div>\n\t\t\t\t<div class=\"elementor-element elementor-element-d3fa85b elementor-widget elementor-widget-heading\" data-id=\"d3fa85b\" data-element_type=\"widget\" data-widget_type=\"heading.default\">\n\t\t\t\t<div class=\"elementor-widget-container\">\n\t\t\t\t\t<h2 class=\"elementor-heading-title elementor-size-default\">Avocate, lic. iur.<\/h2>\t\t\t\t<\/div>\n\t\t\t\t<\/div>\n\t\t\t\t\t<\/div>\n\t\t<\/div>\n\t\t\t\t\t<\/div>\n\t\t<\/section>\n\t\t\t\t<\/div>\n\t\t","protected":false},"excerpt":{"rendered":"<p>Nous offrons des services qualifi\u00e9s dans nos domaines de sp\u00e9cialit\u00e9 avec un conseil personnalis\u00e9. Le contact direct cr\u00e9e une pr\u00e9cieuse base de confiance &#8211; c&rsquo;est la condition pr\u00e9alable \u00e0 une coop\u00e9ration fructueuse et durable avec nos clients. Je vous conseille et vous aide volontiers en tant que propri\u00e9taire, administration, propri\u00e9taire foncier, acheteur ou vendeur, constructeur &#8230; <a title=\"Avocates\" class=\"read-more\" href=\"https:\/\/schaubhochl.ch\/fr\/avocates\/\" aria-label=\"En savoir plus sur Avocates\">Lire plus<\/a><\/p>\n","protected":false},"author":1,"featured_media":119,"parent":0,"menu_order":2,"comment_status":"closed","ping_status":"closed","template":"","meta":{"generate_page_header":"","footnotes":""},"class_list":{"0":"post-719","1":"page","2":"type-page","3":"status-publish","4":"has-post-thumbnail","6":"p848"},"publishpress_future_action":{"enabled":false,"date":"2026-05-08 18:21:13","action":"change-status","newStatus":"draft","terms":[],"taxonomy":"translation_priority","extraData":[]},"publishpress_future_workflow_manual_trigger":{"enabledWorkflows":[]},"_links":{"self":[{"href":"https:\/\/schaubhochl.ch\/fr\/wp-json\/wp\/v2\/pages\/719","targetHints":{"allow":["GET"]}}],"collection":[{"href":"https:\/\/schaubhochl.ch\/fr\/wp-json\/wp\/v2\/pages"}],"about":[{"href":"https:\/\/schaubhochl.ch\/fr\/wp-json\/wp\/v2\/types\/page"}],"author":[{"embeddable":true,"href":"https:\/\/schaubhochl.ch\/fr\/wp-json\/wp\/v2\/users\/1"}],"replies":[{"embeddable":true,"href":"https:\/\/schaubhochl.ch\/fr\/wp-json\/wp\/v2\/comments?post=719"}],"version-history":[{"count":29,"href":"https:\/\/schaubhochl.ch\/fr\/wp-json\/wp\/v2\/pages\/719\/revisions"}],"predecessor-version":[{"id":3470,"href":"https:\/\/schaubhochl.ch\/fr\/wp-json\/wp\/v2\/pages\/719\/revisions\/3470"}],"wp:featuredmedia":[{"embeddable":true,"href":"https:\/\/schaubhochl.ch\/fr\/wp-json\/wp\/v2\/media\/119"}],"wp:attachment":[{"href":"https:\/\/schaubhochl.ch\/fr\/wp-json\/wp\/v2\/media?parent=719"}],"curies":[{"name":"wp","href":"https:\/\/api.w.org\/{rel}","templated":true}]}}